{"id":331,"date":"2025-06-24T00:36:33","date_gmt":"2025-06-23T22:36:33","guid":{"rendered":"https:\/\/micosmiprimercole.com\/?page_id=331"},"modified":"2025-08-04T09:33:46","modified_gmt":"2025-08-04T07:33:46","slug":"our-history","status":"publish","type":"page","link":"https:\/\/micosmiprimercole.com\/en\/our-history\/","title":{"rendered":"Our history"},"content":{"rendered":"\t\t<div data-elementor-type=\"wp-page\" data-elementor-id=\"331\" class=\"elementor elementor-331\" data-elementor-post-type=\"page\">\n\t\t\t\t<div class=\"elementor-element elementor-element-5249b08 e-flex e-con-boxed e-con e-parent\" data-id=\"5249b08\" data-element_type=\"container\" data-e-type=\"container\">\n\t\t\t\t\t<div class=\"e-con-inner\">\n\t\t\t\t<div class=\"elementor-element elementor-element-78710571 elementor-widget elementor-widget-heading\" data-id=\"78710571\" data-element_type=\"widget\" data-e-type=\"widget\" data-widget_type=\"heading.default\">\n\t\t\t\t\t<h1 class=\"elementor-heading-title elementor-size-default\">Nuestra historia<\/h1>\t\t\t\t<\/div>\n\t\t\t\t\t<\/div>\n\t\t\t\t<\/div>\n\t\t<div class=\"elementor-element elementor-element-c2d06ec e-flex e-con-boxed e-con e-parent\" data-id=\"c2d06ec\" data-element_type=\"container\" data-e-type=\"container\">\n\t\t\t\t\t<div class=\"e-con-inner\">\n\t\t\t\t<div class=\"elementor-element elementor-element-48e3a82 elementor-widget elementor-widget-image\" data-id=\"48e3a82\" data-element_type=\"widget\" data-e-type=\"widget\" data-widget_type=\"image.default\">\n\t\t\t\t\t\t\t\t\t\t\t\t\t\t\t<img decoding=\"async\" width=\"150\" height=\"150\" src=\"https:\/\/micosmiprimercole.com\/wp-content\/uploads\/2025\/06\/logo-carita-fondo-blanco-1-150x150.png\" class=\"attachment-thumbnail size-thumbnail wp-image-481\" alt=\"\" srcset=\"https:\/\/micosmiprimercole.com\/wp-content\/uploads\/2025\/06\/logo-carita-fondo-blanco-1-150x150.png 150w, https:\/\/micosmiprimercole.com\/wp-content\/uploads\/2025\/06\/logo-carita-fondo-blanco-1-300x300.png 300w, https:\/\/micosmiprimercole.com\/wp-content\/uploads\/2025\/06\/logo-carita-fondo-blanco-1-12x12.png 12w, https:\/\/micosmiprimercole.com\/wp-content\/uploads\/2025\/06\/logo-carita-fondo-blanco-1-100x100.png 100w, https:\/\/micosmiprimercole.com\/wp-content\/uploads\/2025\/06\/logo-carita-fondo-blanco-1.png 475w\" sizes=\"(max-width: 150px) 100vw, 150px\" \/>\t\t\t\t\t\t\t\t\t\t\t\t\t\t\t<\/div>\n\t\t\t\t\t<\/div>\n\t\t\t\t<\/div>\n\t\t<div class=\"elementor-element elementor-element-ffeceb9 e-con-full e-flex e-con e-parent\" data-id=\"ffeceb9\" data-element_type=\"container\" data-e-type=\"container\">\n\t\t<div class=\"elementor-element elementor-element-1c56a52d e-con-full e-flex e-con e-child\" data-id=\"1c56a52d\" data-element_type=\"container\" data-e-type=\"container\">\n\t\t\t\t<div class=\"elementor-element elementor-element-65a0d22f elementor-widget elementor-widget-image\" data-id=\"65a0d22f\" data-element_type=\"widget\" data-e-type=\"widget\" data-widget_type=\"image.default\">\n\t\t\t\t\t\t\t\t\t\t\t\t\t\t\t<img fetchpriority=\"high\" decoding=\"async\" width=\"2048\" height=\"1365\" src=\"https:\/\/micosmiprimercole.com\/wp-content\/uploads\/2025\/07\/20250329-_MM_3264.avif\" class=\"attachment-full size-full wp-image-704\" alt=\"\" srcset=\"https:\/\/micosmiprimercole.com\/wp-content\/uploads\/2025\/07\/20250329-_MM_3264.avif 2048w, https:\/\/micosmiprimercole.com\/wp-content\/uploads\/2025\/07\/20250329-_MM_3264-300x200.jpg 300w, https:\/\/micosmiprimercole.com\/wp-content\/uploads\/2025\/07\/20250329-_MM_3264-1024x683.jpg 1024w, https:\/\/micosmiprimercole.com\/wp-content\/uploads\/2025\/07\/20250329-_MM_3264-768x512.jpg 768w, https:\/\/micosmiprimercole.com\/wp-content\/uploads\/2025\/07\/20250329-_MM_3264-1536x1024.jpg 1536w, https:\/\/micosmiprimercole.com\/wp-content\/uploads\/2025\/07\/20250329-_MM_3264-18x12.jpg 18w, https:\/\/micosmiprimercole.com\/wp-content\/uploads\/2025\/07\/20250329-_MM_3264-600x400.jpg 600w\" sizes=\"(max-width: 2048px) 100vw, 2048px\" \/>\t\t\t\t\t\t\t\t\t\t\t\t\t\t\t<\/div>\n\t\t\t\t<\/div>\n\t\t<div class=\"elementor-element elementor-element-4ad85020 e-con-full e-flex e-con e-child\" data-id=\"4ad85020\" data-element_type=\"container\" data-e-type=\"container\" data-settings=\"{&quot;sticky&quot;:&quot;top&quot;,&quot;sticky_on&quot;:[&quot;desktop&quot;],&quot;sticky_offset&quot;:77,&quot;sticky_parent&quot;:&quot;yes&quot;,&quot;sticky_effects_offset&quot;:0,&quot;sticky_anchor_link_offset&quot;:0}\">\n\t\t\t\t<div class=\"elementor-element elementor-element-2c94d426 elementor-widget elementor-widget-text-editor\" data-id=\"2c94d426\" data-element_type=\"widget\" data-e-type=\"widget\" data-widget_type=\"text-editor.default\">\n\t\t\t\t\t\t\t\t\t<p align=\"justify\">Micos abri\u00f3 sus puertas en 2003 con el firme prop\u00f3sito de ofrecer una educaci\u00f3n de calidad basada en valores cristianos y el respeto hacia cada ni\u00f1o.<\/p><p align=\"justify\">A lo largo de estos a\u00f1os, hemos tenido la oportunidad de formar a muchos ni\u00f1os, acompa\u00f1\u00e1ndolos en sus primeros pasos hacia el aprendizaje y ayud\u00e1ndoles en la formaci\u00f3n de su identidad.<\/p><p align=\"justify\">Gracias a un equipo docente comprometido y al ambiente que se respira de alegr\u00eda y de cari\u00f1o, logramos que cada ni\u00f1o se sienta valorado, acompa\u00f1ado y motivado en su proceso educativo.<\/p><p align=\"justify\">Contamos con numerosas familias que conf\u00edan en nuestro enfoque de educaci\u00f3n individualizada, donde cada ni\u00f1o recibe la atenci\u00f3n que necesita para poder desarrollarse a su propio ritmo.<\/p><p align=\"justify\">Nuestra misi\u00f3n: ofrecer una educaci\u00f3n integral acad\u00e9mica, emocional y espiritual, formando a personas con valores s\u00f3lidos y corazones llenos de respeto hacia los dem\u00e1s.<\/p>\t\t\t\t\t\t\t\t<\/div>\n\t\t\t\t<\/div>\n\t\t\t\t<\/div>\n\t\t<div class=\"elementor-element elementor-element-fa68721 e-con-full e-flex e-con e-parent\" data-id=\"fa68721\" data-element_type=\"container\" data-e-type=\"container\">\n\t\t<div class=\"elementor-element elementor-element-7936aa5 e-con-full e-flex e-con e-child\" data-id=\"7936aa5\" data-element_type=\"container\" data-e-type=\"container\" data-settings=\"{&quot;sticky&quot;:&quot;top&quot;,&quot;sticky_on&quot;:[&quot;desktop&quot;],&quot;sticky_offset&quot;:77,&quot;sticky_parent&quot;:&quot;yes&quot;,&quot;sticky_effects_offset&quot;:0,&quot;sticky_anchor_link_offset&quot;:0}\">\n\t\t\t\t<div class=\"elementor-element elementor-element-0ea0ad9 elementor-widget-mobile__width-initial elementor-widget elementor-widget-heading\" data-id=\"0ea0ad9\" data-element_type=\"widget\" data-e-type=\"widget\" data-widget_type=\"heading.default\">\n\t\t\t\t\t<h2 class=\"elementor-heading-title elementor-size-default\">NUESTROS VALORES<\/h2>\t\t\t\t<\/div>\n\t\t\t\t<div class=\"elementor-element elementor-element-7ad48b4 elementor-widget elementor-widget-text-editor\" data-id=\"7ad48b4\" data-element_type=\"widget\" data-e-type=\"widget\" data-widget_type=\"text-editor.default\">\n\t\t\t\t\t\t\t\t\t<p align=\"justify\">La educaci\u00f3n en valores es fundamental desde nuestro punto de vista para el desarrollo completo de los ni\u00f1os, constituyendo la base sobre la cual se construyen las relaciones humanas, la convivencia y el crecimiento emocional y social.<\/p><p align=\"justify\">Fomentamos un ambiente en el que cada ni\u00f1o aprenda, a trav\u00e9s del ejemplo y la experiencia diaria, valores como el respeto, la empat\u00eda, la responsabilidad, la solidaridad, la tolerancia y la honestidad. Estos valores se trabajan de forma transversal en todas las actividades, tanto en momentos de juego como en rutinas diarias, proyectos, cuentos, canciones, juego y din\u00e1micas grupales.<\/p><p align=\"justify\">Nuestro Equipo acompa\u00f1a a los ni\u00f1os ayud\u00e1ndoles a reconocer sus emociones, a ponerse en el lugar del otro y a actuar de forma consciente y respetuosa. Consideramos que cada peque\u00f1o gesto cuenta: compartir un juguete, pedir perd\u00f3n, escuchar con atenci\u00f3n o ayudar a un compa\u00f1ero son actos que refuerzan el aprendizaje de valores d\u00eda a d\u00eda.<\/p><p align=\"justify\">Fomentamos esta Educaci\u00f3n en valores con varios proyectos maravillosos que nos llenan de orgullo.<\/p>\t\t\t\t\t\t\t\t<\/div>\n\t\t\t\t<\/div>\n\t\t<div class=\"elementor-element elementor-element-7e65e46 e-con-full e-flex e-con e-child\" data-id=\"7e65e46\" data-element_type=\"container\" data-e-type=\"container\">\n\t\t\t\t<div class=\"elementor-element elementor-element-2c551b5 elementor-widget elementor-widget-image\" data-id=\"2c551b5\" data-element_type=\"widget\" data-e-type=\"widget\" data-widget_type=\"image.default\">\n\t\t\t\t\t\t\t\t\t\t\t\t\t\t\t<img decoding=\"async\" width=\"2048\" height=\"1365\" src=\"https:\/\/micosmiprimercole.com\/wp-content\/uploads\/2025\/07\/20250329-_MM_3291-1.avif\" class=\"attachment-full size-full wp-image-706\" alt=\"\" srcset=\"https:\/\/micosmiprimercole.com\/wp-content\/uploads\/2025\/07\/20250329-_MM_3291-1.avif 2048w, https:\/\/micosmiprimercole.com\/wp-content\/uploads\/2025\/07\/20250329-_MM_3291-1-300x200.jpg 300w, https:\/\/micosmiprimercole.com\/wp-content\/uploads\/2025\/07\/20250329-_MM_3291-1-1024x683.jpg 1024w, https:\/\/micosmiprimercole.com\/wp-content\/uploads\/2025\/07\/20250329-_MM_3291-1-768x512.jpg 768w, https:\/\/micosmiprimercole.com\/wp-content\/uploads\/2025\/07\/20250329-_MM_3291-1-1536x1024.jpg 1536w, https:\/\/micosmiprimercole.com\/wp-content\/uploads\/2025\/07\/20250329-_MM_3291-1-18x12.jpg 18w, https:\/\/micosmiprimercole.com\/wp-content\/uploads\/2025\/07\/20250329-_MM_3291-1-600x400.jpg 600w\" sizes=\"(max-width: 2048px) 100vw, 2048px\" \/>\t\t\t\t\t\t\t\t\t\t\t\t\t\t\t<\/div>\n\t\t\t\t<\/div>\n\t\t\t\t<\/div>\n\t\t<div class=\"elementor-element elementor-element-a0cbe1f e-con-full e-flex e-con e-parent\" data-id=\"a0cbe1f\" data-element_type=\"container\" data-e-type=\"container\">\n\t\t<div class=\"elementor-element elementor-element-5f8fd51 e-con-full e-flex e-con e-child\" data-id=\"5f8fd51\" data-element_type=\"container\" data-e-type=\"container\" data-settings=\"{&quot;sticky&quot;:&quot;top&quot;,&quot;sticky_on&quot;:[&quot;desktop&quot;],&quot;sticky_offset&quot;:77,&quot;sticky_parent&quot;:&quot;yes&quot;,&quot;sticky_effects_offset&quot;:0,&quot;sticky_anchor_link_offset&quot;:0}\">\n\t\t\t\t<div class=\"elementor-element elementor-element-9ecf6cf elementor-position-inline-start elementor-view-default elementor-mobile-position-block-start elementor-widget elementor-widget-icon-box\" data-id=\"9ecf6cf\" data-element_type=\"widget\" data-e-type=\"widget\" data-widget_type=\"icon-box.default\">\n\t\t\t\t\t\t\t<div class=\"elementor-icon-box-wrapper\">\n\n\t\t\t\t\t\t<div class=\"elementor-icon-box-icon\">\n\t\t\t\t<span  class=\"elementor-icon\">\n\t\t\t\t<svg aria-hidden=\"true\" class=\"e-font-icon-svg e-far-check-circle\" viewBox=\"0 0 512 512\" xmlns=\"http:\/\/www.w3.org\/2000\/svg\"><path d=\"M256 8C119.033 8 8 119.033 8 256s111.033 248 248 248 248-111.033 248-248S392.967 8 256 8zm0 48c110.532 0 200 89.451 200 200 0 110.532-89.451 200-200 200-110.532 0-200-89.451-200-200 0-110.532 89.451-200 200-200m140.204 130.267l-22.536-22.718c-4.667-4.705-12.265-4.736-16.97-.068L215.346 303.697l-59.792-60.277c-4.667-4.705-12.265-4.736-16.97-.069l-22.719 22.536c-4.705 4.667-4.736 12.265-.068 16.971l90.781 91.516c4.667 4.705 12.265 4.736 16.97.068l172.589-171.204c4.704-4.668 4.734-12.266.067-16.971z\"><\/path><\/svg>\t\t\t\t<\/span>\n\t\t\t<\/div>\n\t\t\t\n\t\t\t\t\t\t<div class=\"elementor-icon-box-content\">\n\n\t\t\t\t\n\t\t\t\t\t\t\t\t\t<p class=\"elementor-icon-box-description\">\n\t\t\t\t\t\tVoluntariado en la Residencia de mayores San Juan de Dios. Nuestros alumnos de 3\u00ba de Infantil visitan a un grupo de personas mayores que viven en La Residencia San Juan de Dios. Es una actividad que fomenta el respeto, la empat\u00eda y la solidaridad, a la vez que conseguimos llevar alegr\u00eda a nuestros amigos de la Residencia San Juan de Dios.\t\t\t\t\t<\/p>\n\t\t\t\t\n\t\t\t<\/div>\n\t\t\t\n\t\t<\/div>\n\t\t\t\t\t\t<\/div>\n\t\t\t\t<div class=\"elementor-element elementor-element-5e9551a elementor-position-inline-start elementor-view-default elementor-mobile-position-block-start elementor-widget elementor-widget-icon-box\" data-id=\"5e9551a\" data-element_type=\"widget\" data-e-type=\"widget\" data-widget_type=\"icon-box.default\">\n\t\t\t\t\t\t\t<div class=\"elementor-icon-box-wrapper\">\n\n\t\t\t\t\t\t<div class=\"elementor-icon-box-icon\">\n\t\t\t\t<span  class=\"elementor-icon\">\n\t\t\t\t<svg aria-hidden=\"true\" class=\"e-font-icon-svg e-far-check-circle\" viewBox=\"0 0 512 512\" xmlns=\"http:\/\/www.w3.org\/2000\/svg\"><path d=\"M256 8C119.033 8 8 119.033 8 256s111.033 248 248 248 248-111.033 248-248S392.967 8 256 8zm0 48c110.532 0 200 89.451 200 200 0 110.532-89.451 200-200 200-110.532 0-200-89.451-200-200 0-110.532 89.451-200 200-200m140.204 130.267l-22.536-22.718c-4.667-4.705-12.265-4.736-16.97-.068L215.346 303.697l-59.792-60.277c-4.667-4.705-12.265-4.736-16.97-.069l-22.719 22.536c-4.705 4.667-4.736 12.265-.068 16.971l90.781 91.516c4.667 4.705 12.265 4.736 16.97.068l172.589-171.204c4.704-4.668 4.734-12.266.067-16.971z\"><\/path><\/svg>\t\t\t\t<\/span>\n\t\t\t<\/div>\n\t\t\t\n\t\t\t\t\t\t<div class=\"elementor-icon-box-content\">\n\n\t\t\t\t\n\t\t\t\t\t\t\t\t\t<p class=\"elementor-icon-box-description\">\n\t\t\t\t\t\tColaboraci\u00f3n con la Fundaci\u00f3n Khanimambo. Los alumnos de 2\u00ba y 3\u00ba del segundo ciclo est\u00e1n en contacto con alumnos de su edad del Centro Munti en Mozambique. Mantenemos una correspondencia y cada ni\u00f1o tiene asignado un Pen Pal con el que intercambian cartas. Es una actividad que fomenta la empat\u00eda y la solidaridad y en la que conseguimos que los ni\u00f1os se involucren al 100% con la causa.\t\t\t\t\t<\/p>\n\t\t\t\t\n\t\t\t<\/div>\n\t\t\t\n\t\t<\/div>\n\t\t\t\t\t\t<\/div>\n\t\t\t\t<div class=\"elementor-element elementor-element-fa6d006 elementor-position-inline-start elementor-view-default elementor-mobile-position-block-start elementor-widget elementor-widget-icon-box\" data-id=\"fa6d006\" data-element_type=\"widget\" data-e-type=\"widget\" data-widget_type=\"icon-box.default\">\n\t\t\t\t\t\t\t<div class=\"elementor-icon-box-wrapper\">\n\n\t\t\t\t\t\t<div class=\"elementor-icon-box-icon\">\n\t\t\t\t<span  class=\"elementor-icon\">\n\t\t\t\t<svg aria-hidden=\"true\" class=\"e-font-icon-svg e-far-check-circle\" viewBox=\"0 0 512 512\" xmlns=\"http:\/\/www.w3.org\/2000\/svg\"><path d=\"M256 8C119.033 8 8 119.033 8 256s111.033 248 248 248 248-111.033 248-248S392.967 8 256 8zm0 48c110.532 0 200 89.451 200 200 0 110.532-89.451 200-200 200-110.532 0-200-89.451-200-200 0-110.532 89.451-200 200-200m140.204 130.267l-22.536-22.718c-4.667-4.705-12.265-4.736-16.97-.068L215.346 303.697l-59.792-60.277c-4.667-4.705-12.265-4.736-16.97-.069l-22.719 22.536c-4.705 4.667-4.736 12.265-.068 16.971l90.781 91.516c4.667 4.705 12.265 4.736 16.97.068l172.589-171.204c4.704-4.668 4.734-12.266.067-16.971z\"><\/path><\/svg>\t\t\t\t<\/span>\n\t\t\t<\/div>\n\t\t\t\n\t\t\t\t\t\t<div class=\"elementor-icon-box-content\">\n\n\t\t\t\t\n\t\t\t\t\t\t\t\t\t<p class=\"elementor-icon-box-description\">\n\t\t\t\t\t\tCampa\u00f1as de recogida de alimentos y juguetes, en las que hacemos conscientes a los ni\u00f1os de las diferentes realidades a la suya que existen. \t\t\t\t\t<\/p>\n\t\t\t\t\n\t\t\t<\/div>\n\t\t\t\n\t\t<\/div>\n\t\t\t\t\t\t<\/div>\n\t\t\t\t<\/div>\n\t\t\t\t<\/div>\n\t\t<div class=\"elementor-element elementor-element-eb5f150 e-con-full e-flex e-con e-child\" data-id=\"eb5f150\" data-element_type=\"container\" data-e-type=\"container\" data-settings=\"{&quot;background_background&quot;:&quot;classic&quot;}\">\n\t\t\t\t<div class=\"elementor-element elementor-element-b853311 elementor-widget__width-initial elementor-widget elementor-widget-heading\" data-id=\"b853311\" data-element_type=\"widget\" data-e-type=\"widget\" data-widget_type=\"heading.default\">\n\t\t\t\t\t<p class=\"elementor-heading-title elementor-size-default\">En definitiva, en Micos educamos con el coraz\u00f3n, convencidos de que sembrar valores en nuestros alumnos es cultivar un futuro m\u00e1s justo, humano y solidario.<\/p>\t\t\t\t<\/div>\n\t\t\t\t<\/div>\n\t\t\t\t<\/div>\n\t\t","protected":false},"excerpt":{"rendered":"<p>Micos abri\u00f3 sus puertas en 2003 con el firme prop\u00f3sito de ofrecer una educaci\u00f3n de calidad basada en valores cristianos y el respeto hacia cada ni\u00f1o. A lo largo de estos a\u00f1os, hemos tenido la oportunidad de formar a muchos ni\u00f1os, acompa\u00f1\u00e1ndolos en sus primeros pasos hacia el aprendizaje y ayud\u00e1ndoles en la formaci\u00f3n de [&hellip;]<\/p>\n","protected":false},"author":1,"featured_media":0,"parent":0,"menu_order":0,"comment_status":"closed","ping_status":"closed","template":"","meta":{"inline_featured_image":false,"_joinchat":[],"footnotes":""},"class_list":["post-331","page","type-page","status-publish","hentry"],"_links":{"self":[{"href":"https:\/\/micosmiprimercole.com\/en\/wp-json\/wp\/v2\/pages\/331","targetHints":{"allow":["GET"]}}],"collection":[{"href":"https:\/\/micosmiprimercole.com\/en\/wp-json\/wp\/v2\/pages"}],"about":[{"href":"https:\/\/micosmiprimercole.com\/en\/wp-json\/wp\/v2\/types\/page"}],"author":[{"embeddable":true,"href":"https:\/\/micosmiprimercole.com\/en\/wp-json\/wp\/v2\/users\/1"}],"replies":[{"embeddable":true,"href":"https:\/\/micosmiprimercole.com\/en\/wp-json\/wp\/v2\/comments?post=331"}],"version-history":[{"count":25,"href":"https:\/\/micosmiprimercole.com\/en\/wp-json\/wp\/v2\/pages\/331\/revisions"}],"predecessor-version":[{"id":744,"href":"https:\/\/micosmiprimercole.com\/en\/wp-json\/wp\/v2\/pages\/331\/revisions\/744"}],"wp:attachment":[{"href":"https:\/\/micosmiprimercole.com\/en\/wp-json\/wp\/v2\/media?parent=331"}],"curies":[{"name":"wp","href":"https:\/\/api.w.org\/{rel}","templated":true}]}}